{"version":"1.0","provider_name":"Feh\u00e9r Legal &amp; Tax","provider_url":"http:\/\/feherlegaltax.com\/hu","author_name":"admin","author_url":"http:\/\/feherlegaltax.com\/hu\/author\/admin\/","title":"Bemutatkoz\u00e1s","type":"rich","width":600,"height":338,"html":"<blockquote class=\"wp-embedded-content\" data-secret=\"3qlwAzP3bt\"><a href=\"http:\/\/feherlegaltax.com\/hu\/bemutatkozas\/\">Bemutatkoz\u00e1s<\/a><\/blockquote><iframe sandbox=\"allow-scripts\" security=\"restricted\" src=\"http:\/\/feherlegaltax.com\/hu\/bemutatkozas\/embed\/#?secret=3qlwAzP3bt\" width=\"600\" height=\"338\" title=\"&#8220;Bemutatkoz\u00e1s&#8221; &#8212; Feh\u00e9r Legal &amp; Tax\" data-secret=\"3qlwAzP3bt\" frameborder=\"0\" marginwidth=\"0\" marginheight=\"0\" scrolling=\"no\" class=\"wp-embedded-content\"><\/iframe><script>\n\/*! This file is auto-generated *\/\n!function(d,l){\"use strict\";l.querySelector&&d.addEventListener&&\"undefined\"!=typeof URL&&(d.wp=d.wp||{},d.wp.receiveEmbedMessage||(d.wp.receiveEmbedMessage=function(e){var t=e.data;if((t||t.secret||t.message||t.value)&&!\/[^a-zA-Z0-9]\/.test(t.secret)){for(var s,r,n,a=l.querySelectorAll('iframe[data-secret=\"'+t.secret+'\"]'),o=l.querySelectorAll('blockquote[data-secret=\"'+t.secret+'\"]'),c=new RegExp(\"^https?:$\",\"i\"),i=0;i<o.length;i++)o[i].style.display=\"none\";for(i=0;i<a.length;i++)s=a[i],e.source===s.contentWindow&&(s.removeAttribute(\"style\"),\"height\"===t.message?(1e3<(r=parseInt(t.value,10))?r=1e3:~~r<200&&(r=200),s.height=r):\"link\"===t.message&&(r=new URL(s.getAttribute(\"src\")),n=new URL(t.value),c.test(n.protocol))&&n.host===r.host&&l.activeElement===s&&(d.top.location.href=t.value))}},d.addEventListener(\"message\",d.wp.receiveEmbedMessage,!1),l.addEventListener(\"DOMContentLoaded\",function(){for(var e,t,s=l.querySelectorAll(\"iframe.wp-embedded-content\"),r=0;r<s.length;r++)(t=(e=s[r]).getAttribute(\"data-secret\"))||(t=Math.random().toString(36).substring(2,12),e.src+=\"#?secret=\"+t,e.setAttribute(\"data-secret\",t)),e.contentWindow.postMessage({message:\"ready\",secret:t},\"*\")},!1)))}(window,document);\n\/\/# sourceURL=https:\/\/feherlegaltax.com\/wp-includes\/js\/wp-embed.min.js\n<\/script>\n","description":"T\u00d6RT\u00c9NET\u00dcNKTEV\u00c9KENYS\u00c9G\u00dcNKMUNKAM\u00d3DSZER\u00dcNKINFORMATIKAMEGB\u00cdZ\u00d3INKKOOPER\u00c1CI\u00d3S PARTNEREINK T\u00d6RT\u00c9NET\u00dcNK N\u00e9hai Dr. Feh\u00e9r Jen\u0151 Gyula, t\u00f6rv\u00e9nysz\u00e9ki b\u00edr\u00f3i hivat\u00e1sa megsz\u00fcntet\u00e9se ut\u00e1n megkezdi \u00fcgyv\u00e9di praxis\u00e1t Gy\u00e1lon. 1954 Dr. Feh\u00e9r Jen\u0151 \u00fcgyv\u00e9d csatlakozik \u00e9desapj\u00e1nak \u2013 az akkor k\u00e9nyszer\u0171en \u00fcgyv\u00e9di munkak\u00f6z\u00f6ss\u00e9g keret\u00e9ben m\u0171k\u00f6d\u0151 \u2013 irod\u00e1j\u00e1hoz. 1973 Dr. Feh\u00e9r Jen\u0151 Budapesten nyit irod\u00e1t. T\u00falnyom\u00f3r\u00e9szt k\u00fclf\u00f6ldi megb\u00edz\u00f3knak ny\u00fajt gazdas\u00e1gi jog ter\u00fclet\u00e9n \u00e1tfog\u00f3 jogi szolg\u00e1ltat\u00e1st. 1991 Dr. Feh\u00e9r D\u00e1niel [&hellip;]","thumbnail_url":"https:\/\/feherlegal.hu\/wp-content\/uploads\/2023\/05\/kezdetekhez2-2.jpg"}